{"id":1987,"date":"2023-11-22T16:39:54","date_gmt":"2023-11-22T15:39:54","guid":{"rendered":"https:\/\/patrimoine-de-pennautier.fr\/?page_id=1987"},"modified":"2024-01-04T17:11:40","modified_gmt":"2024-01-04T16:11:40","slug":"lieux-la-tuilerie","status":"publish","type":"page","link":"https:\/\/patrimoine-de-pennautier.fr\/index.php\/lieux-la-tuilerie\/","title":{"rendered":"Lieux &#8211; La tuilerie"},"content":{"rendered":"<style>.kb-row-layout-id1987_399ff4-c3 > .kt-row-column-wrap{align-content:start;}:where(.kb-row-layout-id1987_399ff4-c3 > .kt-row-column-wrap) > .wp-block-kadence-column{justify-content:start;}.kb-row-layout-id1987_399ff4-c3 > .kt-row-column-wrap{column-gap:var(--global-kb-gap-md, 2rem);row-gap:var(--global-kb-gap-md, 2rem);max-width:var( --global-content-width, 1290px );padding-left:var(--global-content-edge-padding);padding-right:var(--global-content-edge-padding);padding-top:var(--global-kb-spacing-xxl, 5rem);padding-bottom:var(--global-kb-spacing-xxl, 5rem);grid-template-columns:minmax(0, 1fr);}.kb-row-layout-id1987_399ff4-c3{background-image:url('https:\/\/patrimoine-de-pennautier.fr\/wp-content\/uploads\/2023\/11\/Example-Background-Image.jpg');background-size:cover;background-position:41% 15%;background-attachment:scroll;background-repeat:no-repeat;}.kb-row-layout-id1987_399ff4-c3 > .kt-row-layout-overlay{opacity:0.70;background-color:var(--global-palette9, #ffffff);}@media all and (max-width: 1024px){.kb-row-layout-id1987_399ff4-c3 > .kt-row-column-wrap{grid-template-columns:minmax(0, 1fr);}}@media all and (max-width: 767px){.kb-row-layout-id1987_399ff4-c3 > .kt-row-column-wrap{grid-template-columns:minmax(0, 1fr);}}<\/style><div class=\"kb-row-layout-wrap kb-row-layout-id1987_399ff4-c3 alignfull has-theme-palette8-background-color kt-row-has-bg wp-block-kadence-rowlayout\"><div class=\"kt-row-layout-overlay kt-row-overlay-normal\"><\/div><div class=\"kt-row-column-wrap kt-has-1-columns kt-row-layout-equal kt-tab-layout-inherit kt-mobile-layout-row kt-row-valign-top kb-theme-content-width\">\n<style>.kadence-column1987_e5cd3a-cd > .kt-inside-inner-col{display:flex;}.kadence-column1987_e5cd3a-cd > .kt-inside-inner-col{padding-bottom:0px;}.kadence-column1987_e5cd3a-cd > .kt-inside-inner-col,.kadence-column1987_e5cd3a-cd > .kt-inside-inner-col:before{border-top-left-radius:0px;border-top-right-radius:0px;border-bottom-right-radius:0px;border-bottom-left-radius:0px;}.kadence-column1987_e5cd3a-cd > .kt-inside-inner-col{column-gap:var(--global-kb-gap-sm, 1rem);}.kadence-column1987_e5cd3a-cd > .kt-inside-inner-col{flex-direction:column;justify-content:flex-start;}.kadence-column1987_e5cd3a-cd > .kt-inside-inner-col > .aligncenter{width:100%;}.kt-row-column-wrap > .kadence-column1987_e5cd3a-cd{align-self:flex-start;}.kt-inner-column-height-full:not(.kt-has-1-columns) > .wp-block-kadence-column.kadence-column1987_e5cd3a-cd{align-self:auto;}.kt-inner-column-height-full:not(.kt-has-1-columns) > .wp-block-kadence-column.kadence-column1987_e5cd3a-cd > .kt-inside-inner-col{flex-direction:column;justify-content:flex-start;}.kadence-column1987_e5cd3a-cd > .kt-inside-inner-col:before{opacity:0.3;}.kadence-column1987_e5cd3a-cd{position:relative;}.kadence-column1987_e5cd3a-cd, .kt-inside-inner-col > .kadence-column1987_e5cd3a-cd:not(.specificity){margin-bottom:0px;}@media all and (max-width: 1024px){.kt-row-column-wrap > .kadence-column1987_e5cd3a-cd{align-self:flex-start;}}@media all and (max-width: 1024px){.kt-inner-column-height-full:not(.kt-has-1-columns) > .wp-block-kadence-column.kadence-column1987_e5cd3a-cd{align-self:auto;}}@media all and (max-width: 1024px){.kt-inner-column-height-full:not(.kt-has-1-columns) > .wp-block-kadence-column.kadence-column1987_e5cd3a-cd > .kt-inside-inner-col{flex-direction:column;justify-content:flex-start;}}@media all and (max-width: 1024px){.kadence-column1987_e5cd3a-cd > .kt-inside-inner-col{flex-direction:column;justify-content:flex-start;}}@media all and (max-width: 767px){.kt-row-column-wrap > .kadence-column1987_e5cd3a-cd{align-self:flex-start;}.kt-inner-column-height-full:not(.kt-has-1-columns) > .wp-block-kadence-column.kadence-column1987_e5cd3a-cd{align-self:auto;}.kt-inner-column-height-full:not(.kt-has-1-columns) > .wp-block-kadence-column.kadence-column1987_e5cd3a-cd > .kt-inside-inner-col{flex-direction:column;justify-content:flex-start;}.kadence-column1987_e5cd3a-cd > .kt-inside-inner-col{flex-direction:column;justify-content:flex-start;}}<\/style>\n<div class=\"wp-block-kadence-column kadence-column1987_e5cd3a-cd kb-section-dir-vertical inner-column-2\"><div class=\"kt-inside-inner-col\"><style>.wp-block-kadence-advancedheading.kt-adv-heading1987_258b24-ca, .wp-block-kadence-advancedheading.kt-adv-heading1987_258b24-ca[data-kb-block=\"kb-adv-heading1987_258b24-ca\"]{padding-bottom:var(--global-kb-spacing-sm, 1.5rem);font-size:var(--global-kb-font-size-sm, 0.9rem);font-weight:400;font-style:normal;text-transform:uppercase;}.wp-block-kadence-advancedheading.kt-adv-heading1987_258b24-ca mark.kt-highlight, .wp-block-kadence-advancedheading.kt-adv-heading1987_258b24-ca[data-kb-block=\"kb-adv-heading1987_258b24-ca\"] mark.kt-highlight{font-style:normal;color:#f76a0c;-webkit-box-decoration-break:clone;box-decoration-break:clone;padding-top:0px;padding-right:0px;padding-bottom:0px;padding-left:0px;}.wp-block-kadence-advancedheading.kt-adv-heading1987_258b24-ca img.kb-inline-image, .wp-block-kadence-advancedheading.kt-adv-heading1987_258b24-ca[data-kb-block=\"kb-adv-heading1987_258b24-ca\"] img.kb-inline-image{width:150px;vertical-align:baseline;}<\/style>\n<div class=\"kt-adv-heading1987_258b24-ca wp-block-kadence-advancedheading has-theme-palette-4-color has-text-color\" data-kb-block=\"kb-adv-heading1987_258b24-ca\">Patrimoine \/ <a href=\"https:\/\/patrimoine-de-pennautier.fr\/index.php\/lieux-remarquables\/\">lieux remarquables<\/a><\/div>\n\n\n<style>.wp-block-kadence-advancedheading.kt-adv-heading1987_6a1fbc-67, .wp-block-kadence-advancedheading.kt-adv-heading1987_6a1fbc-67[data-kb-block=\"kb-adv-heading1987_6a1fbc-67\"]{padding-top:0px;padding-bottom:var(--global-kb-spacing-sm, 1.5rem);margin-top:0px;margin-bottom:0px;font-size:var(--global-kb-font-size-xxl, 4rem);line-height:1;font-style:normal;}.wp-block-kadence-advancedheading.kt-adv-heading1987_6a1fbc-67 mark.kt-highlight, .wp-block-kadence-advancedheading.kt-adv-heading1987_6a1fbc-67[data-kb-block=\"kb-adv-heading1987_6a1fbc-67\"] mark.kt-highlight{font-style:normal;color:#f76a0c;-webkit-box-decoration-break:clone;box-decoration-break:clone;padding-top:0px;padding-right:0px;padding-bottom:0px;padding-left:0px;}.wp-block-kadence-advancedheading.kt-adv-heading1987_6a1fbc-67 img.kb-inline-image, .wp-block-kadence-advancedheading.kt-adv-heading1987_6a1fbc-67[data-kb-block=\"kb-adv-heading1987_6a1fbc-67\"] img.kb-inline-image{width:150px;vertical-align:baseline;}<\/style>\n<h2 class=\"kt-adv-heading1987_6a1fbc-67 wp-block-kadence-advancedheading has-theme-palette-3-color has-text-color\" data-kb-block=\"kb-adv-heading1987_6a1fbc-67\"><strong><strong>Les compl\u00e8xes industriels<\/strong><\/strong><\/h2>\n\n\n<style>.wp-block-kadence-advancedheading.kt-adv-heading1987_ffa29d-21, .wp-block-kadence-advancedheading.kt-adv-heading1987_ffa29d-21[data-kb-block=\"kb-adv-heading1987_ffa29d-21\"]{max-width:896px;padding-top:0px;padding-bottom:var(--global-kb-spacing-sm, 1.5rem);margin-top:0px;margin-bottom:0px;font-size:var(--global-kb-font-size-xl, 3rem);font-style:normal;}.wp-block-kadence-advancedheading.kt-adv-heading1987_ffa29d-21 mark.kt-highlight, .wp-block-kadence-advancedheading.kt-adv-heading1987_ffa29d-21[data-kb-block=\"kb-adv-heading1987_ffa29d-21\"] mark.kt-highlight{font-style:normal;color:#f76a0c;-webkit-box-decoration-break:clone;box-decoration-break:clone;padding-top:0px;padding-right:0px;padding-bottom:0px;padding-left:0px;}.wp-block-kadence-advancedheading.kt-adv-heading1987_ffa29d-21 img.kb-inline-image, .wp-block-kadence-advancedheading.kt-adv-heading1987_ffa29d-21[data-kb-block=\"kb-adv-heading1987_ffa29d-21\"] img.kb-inline-image{width:150px;vertical-align:baseline;}<\/style>\n<h2 class=\"kt-adv-heading1987_ffa29d-21 wp-block-kadence-advancedheading has-theme-palette-4-color has-text-color\" data-kb-block=\"kb-adv-heading1987_ffa29d-21\">La tuilerie<\/h2>\n<\/div><\/div>\n\n<\/div><\/div>\n\n\n<p><\/p>\n\n\n<style>.kb-row-layout-id1987_4dfba9-9b > .kt-row-column-wrap{align-content:start;}:where(.kb-row-layout-id1987_4dfba9-9b > .kt-row-column-wrap) > .wp-block-kadence-column{justify-content:start;}.kb-row-layout-id1987_4dfba9-9b > .kt-row-column-wrap{column-gap:var(--global-kb-gap-md, 2rem);row-gap:var(--global-kb-gap-md, 2rem);padding-top:var(--global-kb-spacing-sm, 1.5rem);padding-right:var(--global-kb-spacing-sm, 1.5rem);padding-bottom:var(--global-kb-spacing-sm, 1.5rem);padding-left:var(--global-kb-spacing-sm, 1.5rem);grid-template-columns:minmax(0, 1fr);}.kb-row-layout-id1987_4dfba9-9b > .kt-row-layout-overlay{opacity:0.30;}@media all and (max-width: 1024px){.kb-row-layout-id1987_4dfba9-9b > .kt-row-column-wrap{grid-template-columns:minmax(0, 1fr);}}@media all and (max-width: 767px){.kb-row-layout-id1987_4dfba9-9b > .kt-row-column-wrap{grid-template-columns:minmax(0, 1fr);}}<\/style><div class=\"kb-row-layout-wrap kb-row-layout-id1987_4dfba9-9b alignnone wp-block-kadence-rowlayout\"><div class=\"kt-row-column-wrap kt-has-1-columns kt-row-layout-equal kt-tab-layout-inherit kt-mobile-layout-row kt-row-valign-top\">\n<style>.kadence-column1987_2251f6-38 > .kt-inside-inner-col,.kadence-column1987_2251f6-38 > .kt-inside-inner-col:before{border-top-left-radius:0px;border-top-right-radius:0px;border-bottom-right-radius:0px;border-bottom-left-radius:0px;}.kadence-column1987_2251f6-38 > .kt-inside-inner-col{column-gap:var(--global-kb-gap-sm, 1rem);}.kadence-column1987_2251f6-38 > .kt-inside-inner-col{flex-direction:column;}.kadence-column1987_2251f6-38 > .kt-inside-inner-col > .aligncenter{width:100%;}.kadence-column1987_2251f6-38 > .kt-inside-inner-col:before{opacity:0.3;}.kadence-column1987_2251f6-38{position:relative;}@media all and (max-width: 1024px){.kadence-column1987_2251f6-38 > .kt-inside-inner-col{flex-direction:column;justify-content:center;}}@media all and (max-width: 767px){.kadence-column1987_2251f6-38 > .kt-inside-inner-col{flex-direction:column;justify-content:center;}}<\/style>\n<div class=\"wp-block-kadence-column kadence-column1987_2251f6-38\"><div class=\"kt-inside-inner-col\"><style>.kb-row-layout-id1987_6c7e46-94 > .kt-row-column-wrap{align-content:start;}:where(.kb-row-layout-id1987_6c7e46-94 > .kt-row-column-wrap) > .wp-block-kadence-column{justify-content:start;}.kb-row-layout-id1987_6c7e46-94 > .kt-row-column-wrap{column-gap:var(--global-kb-gap-md, 2rem);row-gap:var(--global-kb-gap-md, 2rem);padding-top:var(--global-kb-spacing-sm, 1.5rem);padding-bottom:var(--global-kb-spacing-sm, 1.5rem);}.kb-row-layout-id1987_6c7e46-94 > .kt-row-column-wrap > div:not(.added-for-specificity){grid-column:initial;}.kb-row-layout-id1987_6c7e46-94 > .kt-row-column-wrap{grid-template-columns:minmax(0, 1fr) minmax(0, 6fr) minmax(0, 1fr);}.kb-row-layout-id1987_6c7e46-94 > .kt-row-layout-overlay{opacity:0.30;}@media all and (max-width: 1024px){.kb-row-layout-id1987_6c7e46-94 > .kt-row-column-wrap > div:not(.added-for-specificity){grid-column:initial;}}@media all and (max-width: 1024px){.kb-row-layout-id1987_6c7e46-94 > .kt-row-column-wrap{grid-template-columns:minmax(0, 1fr) minmax(0, 6fr) minmax(0, 1fr);}}@media all and (max-width: 767px){.kb-row-layout-id1987_6c7e46-94 > .kt-row-column-wrap > div:not(.added-for-specificity){grid-column:initial;}.kb-row-layout-id1987_6c7e46-94 > .kt-row-column-wrap{grid-template-columns:minmax(0, 1fr);}}<\/style><div class=\"kb-row-layout-wrap kb-row-layout-id1987_6c7e46-94 alignnone wp-block-kadence-rowlayout\"><div class=\"kt-row-column-wrap kt-has-3-columns kt-row-layout-center-exwide kt-tab-layout-inherit kt-mobile-layout-row kt-row-valign-top\">\n<style>.kadence-column1987_38c852-70 > .kt-inside-inner-col,.kadence-column1987_38c852-70 > .kt-inside-inner-col:before{border-top-left-radius:0px;border-top-right-radius:0px;border-bottom-right-radius:0px;border-bottom-left-radius:0px;}.kadence-column1987_38c852-70 > .kt-inside-inner-col{column-gap:var(--global-kb-gap-sm, 1rem);}.kadence-column1987_38c852-70 > .kt-inside-inner-col{flex-direction:column;}.kadence-column1987_38c852-70 > .kt-inside-inner-col > .aligncenter{width:100%;}.kadence-column1987_38c852-70 > .kt-inside-inner-col:before{opacity:0.3;}.kadence-column1987_38c852-70{position:relative;}@media all and (max-width: 1024px){.kadence-column1987_38c852-70 > .kt-inside-inner-col{flex-direction:column;justify-content:center;}}@media all and (max-width: 767px){.kadence-column1987_38c852-70 > .kt-inside-inner-col{flex-direction:column;justify-content:center;}}<\/style>\n<div class=\"wp-block-kadence-column kadence-column1987_38c852-70\"><div class=\"kt-inside-inner-col\"><\/div><\/div>\n\n\n<style>.kadence-column1987_2b3693-62 > .kt-inside-inner-col,.kadence-column1987_2b3693-62 > .kt-inside-inner-col:before{border-top-left-radius:0px;border-top-right-radius:0px;border-bottom-right-radius:0px;border-bottom-left-radius:0px;}.kadence-column1987_2b3693-62 > .kt-inside-inner-col{column-gap:var(--global-kb-gap-sm, 1rem);}.kadence-column1987_2b3693-62 > .kt-inside-inner-col{flex-direction:column;}.kadence-column1987_2b3693-62 > .kt-inside-inner-col > .aligncenter{width:100%;}.kadence-column1987_2b3693-62 > .kt-inside-inner-col:before{opacity:0.3;}.kadence-column1987_2b3693-62{position:relative;}@media all and (max-width: 1024px){.kadence-column1987_2b3693-62 > .kt-inside-inner-col{flex-direction:column;justify-content:center;}}@media all and (max-width: 767px){.kadence-column1987_2b3693-62 > .kt-inside-inner-col{flex-direction:column;justify-content:center;}}<\/style>\n<div class=\"wp-block-kadence-column kadence-column1987_2b3693-62\"><div class=\"kt-inside-inner-col\">\n<h2 class=\"wp-block-heading\">La tuilerie<\/h2>\n\n\n\n<p>Lorsque nous arrivons \u00e0 l\u2019entr\u00e9e du village par la d\u00e9partementale 6113 (ancienne N113), apr\u00e8s l\u2019all\u00e9e menant \u00e0 la m\u00e9tairie basse et au communal, se trouve un chemin qui remonte vers le Nord et appel\u00e9 \u00abchemin de Pezens\u00bb et va en direction de Fonces-Grives.<\/p>\n\n\n\n<p>Il passe sous les platanes centenaire puis devant la tour o\u00f9 se trouve la pompe tirant l\u2019eau du Fresquel pour les agriculteurs. <\/p>\n\n\n<style>.kb-image1987_bdc2aa-65 .kb-image-has-overlay:after{opacity:0.3;}<\/style>\n<div class=\"wp-block-kadence-image kb-image1987_bdc2aa-65\"><figure class=\"aligncenter size-full\"><img loading=\"lazy\" decoding=\"async\" width=\"300\" height=\"200\" src=\"https:\/\/patrimoine-de-pennautier.fr\/wp-content\/uploads\/2024\/01\/tuilerie1.jpg\" alt=\"rive droite du Fresquel, chemin de Fonces-Grives l'ancien four de tuilier\" class=\"kb-img wp-image-2327\"\/><figcaption>Rive droite du Fresquel, chemin de Fonces-Grives l&rsquo;ancien four de tuilier<\/figcaption><\/figure><\/div>\n\n\n\n<p>Un peu apr\u00e8s, \u00e0 gauche du chemin se trouve une propri\u00e9t\u00e9 portant aujourd\u2019hui le nom de \u00abCh\u00e2teau Bouchat\u00bb, vignoble de Jean-Louis Alaux, mais qui se nomme sur le cadastre \u00abLa Tuilerie\u00bb. (cour, hangar de modelage, s\u00e9chage et stockage des mat\u00e9riaux, habitations des artisans).<\/p>\n\n\n\n<p>Juste apr\u00e8s cette m\u00e9tairie existe encore le b\u00e2timent qui \u00e9tait autrefois les fours de la tuilerie ayant appartenu aux seigneurs de Pennautier. (aujourd\u2019hui transform\u00e9 en habitation)<strong><em><\/em><\/strong><\/p>\n\n\n\n<p>On y fabriquait toutes sortes de produits d\u00e9riv\u00e9s de la terre de la commune. Des tuiles bien sur, mais aussi des briques, des carreaux de terre-cuite et tout autre mat\u00e9riaux en terre.<\/p>\n\n\n<style>.kb-image1987_e32307-9c .kb-image-has-overlay:after{opacity:0.3;}<\/style>\n<div class=\"wp-block-kadence-image kb-image1987_e32307-9c\"><figure class=\"aligncenter size-full\"><img loading=\"lazy\" decoding=\"async\" width=\"300\" height=\"186\" src=\"https:\/\/patrimoine-de-pennautier.fr\/wp-content\/uploads\/2024\/01\/tuilerie2.jpg\" alt=\"fabrication des briques au 18e si\u00e8cle\" class=\"kb-img wp-image-2328\"\/><figcaption>Fabrication des briques au 18e si\u00e8cle<\/figcaption><\/figure><\/div>\n\n\n\n<p>Le 14 mars 1600, vente d\u2019un champs pr\u00e8s de \u00abla teuli\u00e8re\u00bb, par Jean Vialan \u00e0 Bernard de Reich.<\/p>\n\n\n\n<p>Le 22 novembre 1605, vente d\u2019un cazal \u00e0 la teuli\u00e8re par le m\u00eame qu\u2019au dessus, aussi \u00e0 Bernard de Reich pour 10 livres et 10 sols.<\/p>\n\n\n\n<p>Le 24 novembre 1644, Bernard de Reich ach\u00e8te \u00abla teuli\u00e8re\u00bb pour 415 livres 5 sous, il l\u2019a baille \u00e0 ferme \u00e0 Hugues Frassinet, ma\u00eetre tisserand et Raimond Miran, ma\u00eetre mar\u00e9chal de forge, par devant ma\u00eetre Causac notaire royal \u00e0 Carcassonne.<\/p>\n\n\n\n<p>En 1657, Gabriel Tailhefer pr\u00eatre, baille \u00e0 ferme la teuli\u00e8re au nom de Bernard de Reich \u00e0 Laurant Colombi\u00e9, ma\u00eetre tuilhier, habitant de cette ville, consistant le four et les b\u00e2timents pour 60 livres par an pendant 3 ans.<\/p>\n\n\n\n<p>En 1687, Henry de Reich baille \u00e0 ferme la teuli\u00e8re \u00e0 Pierre Barta Fr\u00e8re, ma\u00eetre tuilhier.<strong><em><\/em><\/strong><strong><em><\/em><\/strong><\/p>\n\n\n\n<p>En 1699, c\u2019est \u00e0 Pol Marin, ma\u00eetre tuilhier qui re\u00e7u le bail pour 75 livres par an pour une dur\u00e9e de 4 ans.<\/p>\n\n\n\n<p>En 1707, Pierre-Louis de Reich baille pour 8 ann\u00e9es, \u00e0 Jean Teisseire et \u00e0 Jean Rouquet tous les deux ma\u00eetres tuilhiers pour 145 livres par an.<\/p>\n\n\n\n<p>En 1712, Dame de S\u00e9vin, seigneuresse de Pennautier demande l\u2019expertise de Bernard Albar\u00e8de, ma\u00eetre masson et Fran\u00e7ois Marty, ma\u00eetre charpentier pour les travaux dont sa tuilerie aurait besoin.<\/p>\n\n\n\n<p>En 1719, Monsieur de S\u00e9vin baille \u00e0 Fran\u00e7ois Esquirol, ma\u00eetre tuilhier pour 66 livres par an.<\/p>\n\n\n\n<p>En 1780, Dame Louise d\u2019Aurelle de la Champeli\u00e8re, tutrice de Mademoiselle Rose de Baynaguet, baille \u00e0 ferme \u00e0 Jean G\u00e9lis, cultivateur pour 6 ann\u00e9es et pour un loyer de 4 setiers et demi de bl\u00e9, 200 briques d\u2019un pan carr\u00e9 et 400 tuiles canal.<\/p>\n\n\n\n<p>En 1857, monsieur Amable-Rodolphe de Baynaguet loue \u00e0 monsieur Pons Ricard tuilier, pour 9 ans et pour un loyer de 400 francs l\u2019ann\u00e9e, soit 200 francs en argent et 200 francs en marchandise.<\/p>\n\n\n\n<p>Ces indications proviennent du dossier du fond \u00abLorgeril\u00bb aux A.D.11. \u00c0 la cote 124J692.<\/p>\n\n\n\n<div class=\"wp-block-columns is-layout-flex wp-container-core-columns-is-layout-9d6595d7 wp-block-columns-is-layout-flex\">\n<div class=\"wp-block-column is-layout-flow wp-block-column-is-layout-flow\"><style>.kb-image1987_4546a2-26.kb-image-is-ratio-size, .kb-image1987_4546a2-26 .kb-image-is-ratio-size{max-width:129px;width:100%;}.wp-block-kadence-column > .kt-inside-inner-col > .kb-image1987_4546a2-26.kb-image-is-ratio-size, .wp-block-kadence-column > .kt-inside-inner-col > .kb-image1987_4546a2-26 .kb-image-is-ratio-size{align-self:unset;}.kb-image1987_4546a2-26 figure{max-width:129px;}.kb-image1987_4546a2-26 .image-is-svg, .kb-image1987_4546a2-26 .image-is-svg img{width:100%;}.kb-image1987_4546a2-26 .kb-image-has-overlay:after{opacity:0.3;}<\/style>\n<div class=\"wp-block-kadence-image kb-image1987_4546a2-26\"><figure class=\"aligncenter size-full\"><img loading=\"lazy\" decoding=\"async\" width=\"112\" height=\"90\" src=\"https:\/\/patrimoine-de-pennautier.fr\/wp-content\/uploads\/2024\/01\/tuilerie3.jpg\" alt=\"\" class=\"kb-img wp-image-2329\"\/><\/figure><\/div>\n<\/div>\n\n\n\n<div class=\"wp-block-column is-layout-flow wp-block-column-is-layout-flow\"><style>.kb-image1987_2d32d3-a0 .kb-image-has-overlay:after{opacity:0.3;}<\/style>\n<div class=\"wp-block-kadence-image kb-image1987_2d32d3-a0\"><figure class=\"aligncenter size-full\"><img loading=\"lazy\" decoding=\"async\" width=\"250\" height=\"201\" src=\"https:\/\/patrimoine-de-pennautier.fr\/wp-content\/uploads\/2024\/01\/tuilerie4.jpg\" alt=\"\" class=\"kb-img wp-image-2330\"\/><\/figure><\/div>\n<\/div>\n<\/div>\n<\/div><\/div>\n\n\n<style>.kadence-column1987_75f84a-02 > .kt-inside-inner-col,.kadence-column1987_75f84a-02 > .kt-inside-inner-col:before{border-top-left-radius:0px;border-top-right-radius:0px;border-bottom-right-radius:0px;border-bottom-left-radius:0px;}.kadence-column1987_75f84a-02 > .kt-inside-inner-col{column-gap:var(--global-kb-gap-sm, 1rem);}.kadence-column1987_75f84a-02 > .kt-inside-inner-col{flex-direction:column;}.kadence-column1987_75f84a-02 > .kt-inside-inner-col > .aligncenter{width:100%;}.kadence-column1987_75f84a-02 > .kt-inside-inner-col:before{opacity:0.3;}.kadence-column1987_75f84a-02{position:relative;}@media all and (max-width: 1024px){.kadence-column1987_75f84a-02 > .kt-inside-inner-col{flex-direction:column;justify-content:center;}}@media all and (max-width: 767px){.kadence-column1987_75f84a-02 > .kt-inside-inner-col{flex-direction:column;justify-content:center;}}<\/style>\n<div class=\"wp-block-kadence-column kadence-column1987_75f84a-02\"><div class=\"kt-inside-inner-col\"><\/div><\/div>\n\n<\/div><\/div><\/div><\/div>\n\n<\/div><\/div>","protected":false},"excerpt":{"rendered":"<p>Patrimoine \/ lieux remarquables Les compl\u00e8xes industriels La tuilerie La tuilerie Lorsque nous arrivons \u00e0 l\u2019entr\u00e9e du village par la d\u00e9partementale 6113 (ancienne N113), apr\u00e8s l\u2019all\u00e9e menant \u00e0 la m\u00e9tairie basse et au communal, se trouve un chemin qui remonte vers le Nord et appel\u00e9 \u00abchemin de Pezens\u00bb et va en direction de Fonces-Grives. Il&#8230;<\/p>\n","protected":false},"author":1,"featured_media":0,"parent":0,"menu_order":0,"comment_status":"closed","ping_status":"closed","template":"","meta":{"_kadence_starter_templates_imported_post":false,"_kad_post_transparent":"","_kad_post_title":"","_kad_post_layout":"","_kad_post_sidebar_id":"","_kad_post_content_style":"","_kad_post_vertical_padding":"","_kad_post_feature":"","_kad_post_feature_position":"","_kad_post_header":false,"_kad_post_footer":false,"iawp_total_views":82,"footnotes":""},"class_list":["post-1987","page","type-page","status-publish","hentry"],"yoast_head":"<!-- This site is optimized with the Yoast SEO plugin v22.9 - https:\/\/yoast.com\/wordpress\/plugins\/seo\/ -->\n<title>Lieux - La tuilerie - Pennautier - Nature et Patrimoine<\/title>\n<meta name=\"robots\" content=\"index, follow, max-snippet:-1, max-image-preview:large, max-video-preview:-1\" \/>\n<link rel=\"canonical\" href=\"https:\/\/patrimoine-de-pennautier.fr\/index.php\/lieux-la-tuilerie\/\" \/>\n<meta property=\"og:locale\" content=\"fr_FR\" \/>\n<meta property=\"og:type\" content=\"article\" \/>\n<meta property=\"og:title\" content=\"Lieux - La tuilerie - Pennautier - Nature et Patrimoine\" \/>\n<meta property=\"og:description\" content=\"Patrimoine \/ lieux remarquables Les compl\u00e8xes industriels La tuilerie La tuilerie Lorsque nous arrivons \u00e0 l\u2019entr\u00e9e du village par la d\u00e9partementale 6113 (ancienne N113), apr\u00e8s l\u2019all\u00e9e menant \u00e0 la m\u00e9tairie basse et au communal, se trouve un chemin qui remonte vers le Nord et appel\u00e9 \u00abchemin de Pezens\u00bb et va en direction de Fonces-Grives. Il...\" \/>\n<meta property=\"og:url\" content=\"https:\/\/patrimoine-de-pennautier.fr\/index.php\/lieux-la-tuilerie\/\" \/>\n<meta property=\"og:site_name\" content=\"Pennautier - Nature et Patrimoine\" \/>\n<meta property=\"article:modified_time\" content=\"2024-01-04T16:11:40+00:00\" \/>\n<meta property=\"og:image\" content=\"https:\/\/patrimoine-de-pennautier.fr\/wp-content\/uploads\/2024\/01\/tuilerie1.jpg\" \/>\n<meta name=\"twitter:card\" content=\"summary_large_image\" \/>\n<meta name=\"twitter:label1\" content=\"Dur\u00e9e de lecture estim\u00e9e\" \/>\n\t<meta name=\"twitter:data1\" content=\"3 minutes\" \/>\n<script type=\"application\/ld+json\" class=\"yoast-schema-graph\">{\"@context\":\"https:\/\/schema.org\",\"@graph\":[{\"@type\":\"WebPage\",\"@id\":\"https:\/\/patrimoine-de-pennautier.fr\/index.php\/lieux-la-tuilerie\/\",\"url\":\"https:\/\/patrimoine-de-pennautier.fr\/index.php\/lieux-la-tuilerie\/\",\"name\":\"Lieux - La tuilerie - Pennautier - Nature et Patrimoine\",\"isPartOf\":{\"@id\":\"https:\/\/patrimoine-de-pennautier.fr\/#website\"},\"primaryImageOfPage\":{\"@id\":\"https:\/\/patrimoine-de-pennautier.fr\/index.php\/lieux-la-tuilerie\/#primaryimage\"},\"image\":{\"@id\":\"https:\/\/patrimoine-de-pennautier.fr\/index.php\/lieux-la-tuilerie\/#primaryimage\"},\"thumbnailUrl\":\"https:\/\/patrimoine-de-pennautier.fr\/wp-content\/uploads\/2024\/01\/tuilerie1.jpg\",\"datePublished\":\"2023-11-22T15:39:54+00:00\",\"dateModified\":\"2024-01-04T16:11:40+00:00\",\"breadcrumb\":{\"@id\":\"https:\/\/patrimoine-de-pennautier.fr\/index.php\/lieux-la-tuilerie\/#breadcrumb\"},\"inLanguage\":\"fr-FR\",\"potentialAction\":[{\"@type\":\"ReadAction\",\"target\":[\"https:\/\/patrimoine-de-pennautier.fr\/index.php\/lieux-la-tuilerie\/\"]}]},{\"@type\":\"ImageObject\",\"inLanguage\":\"fr-FR\",\"@id\":\"https:\/\/patrimoine-de-pennautier.fr\/index.php\/lieux-la-tuilerie\/#primaryimage\",\"url\":\"https:\/\/patrimoine-de-pennautier.fr\/wp-content\/uploads\/2024\/01\/tuilerie1.jpg\",\"contentUrl\":\"https:\/\/patrimoine-de-pennautier.fr\/wp-content\/uploads\/2024\/01\/tuilerie1.jpg\",\"width\":300,\"height\":200,\"caption\":\"Rive droite du Fresquel, chemin de Fonces-Grives l'ancien four de tuilier\"},{\"@type\":\"BreadcrumbList\",\"@id\":\"https:\/\/patrimoine-de-pennautier.fr\/index.php\/lieux-la-tuilerie\/#breadcrumb\",\"itemListElement\":[{\"@type\":\"ListItem\",\"position\":1,\"name\":\"Accueil\",\"item\":\"https:\/\/patrimoine-de-pennautier.fr\/\"},{\"@type\":\"ListItem\",\"position\":2,\"name\":\"Lieux &#8211; La tuilerie\"}]},{\"@type\":\"WebSite\",\"@id\":\"https:\/\/patrimoine-de-pennautier.fr\/#website\",\"url\":\"https:\/\/patrimoine-de-pennautier.fr\/\",\"name\":\"Pennautier - Nature et Patrimoine\",\"description\":\"\",\"publisher\":{\"@id\":\"https:\/\/patrimoine-de-pennautier.fr\/#organization\"},\"potentialAction\":[{\"@type\":\"SearchAction\",\"target\":{\"@type\":\"EntryPoint\",\"urlTemplate\":\"https:\/\/patrimoine-de-pennautier.fr\/?s={search_term_string}\"},\"query-input\":\"required name=search_term_string\"}],\"inLanguage\":\"fr-FR\"},{\"@type\":\"Organization\",\"@id\":\"https:\/\/patrimoine-de-pennautier.fr\/#organization\",\"name\":\"Pennautier - Nature et Patrimoine\",\"url\":\"https:\/\/patrimoine-de-pennautier.fr\/\",\"logo\":{\"@type\":\"ImageObject\",\"inLanguage\":\"fr-FR\",\"@id\":\"https:\/\/patrimoine-de-pennautier.fr\/#\/schema\/logo\/image\/\",\"url\":\"https:\/\/patrimoine-de-pennautier.fr\/wp-content\/uploads\/2023\/11\/logo.png\",\"contentUrl\":\"https:\/\/patrimoine-de-pennautier.fr\/wp-content\/uploads\/2023\/11\/logo.png\",\"width\":2136,\"height\":992,\"caption\":\"Pennautier - Nature et Patrimoine\"},\"image\":{\"@id\":\"https:\/\/patrimoine-de-pennautier.fr\/#\/schema\/logo\/image\/\"}}]}<\/script>\n<!-- \/ Yoast SEO plugin. -->","yoast_head_json":{"title":"Lieux - La tuilerie - Pennautier - Nature et Patrimoine","robots":{"index":"index","follow":"follow","max-snippet":"max-snippet:-1","max-image-preview":"max-image-preview:large","max-video-preview":"max-video-preview:-1"},"canonical":"https:\/\/patrimoine-de-pennautier.fr\/index.php\/lieux-la-tuilerie\/","og_locale":"fr_FR","og_type":"article","og_title":"Lieux - La tuilerie - Pennautier - Nature et Patrimoine","og_description":"Patrimoine \/ lieux remarquables Les compl\u00e8xes industriels La tuilerie La tuilerie Lorsque nous arrivons \u00e0 l\u2019entr\u00e9e du village par la d\u00e9partementale 6113 (ancienne N113), apr\u00e8s l\u2019all\u00e9e menant \u00e0 la m\u00e9tairie basse et au communal, se trouve un chemin qui remonte vers le Nord et appel\u00e9 \u00abchemin de Pezens\u00bb et va en direction de Fonces-Grives. Il...","og_url":"https:\/\/patrimoine-de-pennautier.fr\/index.php\/lieux-la-tuilerie\/","og_site_name":"Pennautier - Nature et Patrimoine","article_modified_time":"2024-01-04T16:11:40+00:00","og_image":[{"url":"https:\/\/patrimoine-de-pennautier.fr\/wp-content\/uploads\/2024\/01\/tuilerie1.jpg"}],"twitter_card":"summary_large_image","twitter_misc":{"Dur\u00e9e de lecture estim\u00e9e":"3 minutes"},"schema":{"@context":"https:\/\/schema.org","@graph":[{"@type":"WebPage","@id":"https:\/\/patrimoine-de-pennautier.fr\/index.php\/lieux-la-tuilerie\/","url":"https:\/\/patrimoine-de-pennautier.fr\/index.php\/lieux-la-tuilerie\/","name":"Lieux - La tuilerie - Pennautier - Nature et Patrimoine","isPartOf":{"@id":"https:\/\/patrimoine-de-pennautier.fr\/#website"},"primaryImageOfPage":{"@id":"https:\/\/patrimoine-de-pennautier.fr\/index.php\/lieux-la-tuilerie\/#primaryimage"},"image":{"@id":"https:\/\/patrimoine-de-pennautier.fr\/index.php\/lieux-la-tuilerie\/#primaryimage"},"thumbnailUrl":"https:\/\/patrimoine-de-pennautier.fr\/wp-content\/uploads\/2024\/01\/tuilerie1.jpg","datePublished":"2023-11-22T15:39:54+00:00","dateModified":"2024-01-04T16:11:40+00:00","breadcrumb":{"@id":"https:\/\/patrimoine-de-pennautier.fr\/index.php\/lieux-la-tuilerie\/#breadcrumb"},"inLanguage":"fr-FR","potentialAction":[{"@type":"ReadAction","target":["https:\/\/patrimoine-de-pennautier.fr\/index.php\/lieux-la-tuilerie\/"]}]},{"@type":"ImageObject","inLanguage":"fr-FR","@id":"https:\/\/patrimoine-de-pennautier.fr\/index.php\/lieux-la-tuilerie\/#primaryimage","url":"https:\/\/patrimoine-de-pennautier.fr\/wp-content\/uploads\/2024\/01\/tuilerie1.jpg","contentUrl":"https:\/\/patrimoine-de-pennautier.fr\/wp-content\/uploads\/2024\/01\/tuilerie1.jpg","width":300,"height":200,"caption":"Rive droite du Fresquel, chemin de Fonces-Grives l'ancien four de tuilier"},{"@type":"BreadcrumbList","@id":"https:\/\/patrimoine-de-pennautier.fr\/index.php\/lieux-la-tuilerie\/#breadcrumb","itemListElement":[{"@type":"ListItem","position":1,"name":"Accueil","item":"https:\/\/patrimoine-de-pennautier.fr\/"},{"@type":"ListItem","position":2,"name":"Lieux &#8211; La tuilerie"}]},{"@type":"WebSite","@id":"https:\/\/patrimoine-de-pennautier.fr\/#website","url":"https:\/\/patrimoine-de-pennautier.fr\/","name":"Pennautier - Nature et Patrimoine","description":"","publisher":{"@id":"https:\/\/patrimoine-de-pennautier.fr\/#organization"},"potentialAction":[{"@type":"SearchAction","target":{"@type":"EntryPoint","urlTemplate":"https:\/\/patrimoine-de-pennautier.fr\/?s={search_term_string}"},"query-input":"required name=search_term_string"}],"inLanguage":"fr-FR"},{"@type":"Organization","@id":"https:\/\/patrimoine-de-pennautier.fr\/#organization","name":"Pennautier - Nature et Patrimoine","url":"https:\/\/patrimoine-de-pennautier.fr\/","logo":{"@type":"ImageObject","inLanguage":"fr-FR","@id":"https:\/\/patrimoine-de-pennautier.fr\/#\/schema\/logo\/image\/","url":"https:\/\/patrimoine-de-pennautier.fr\/wp-content\/uploads\/2023\/11\/logo.png","contentUrl":"https:\/\/patrimoine-de-pennautier.fr\/wp-content\/uploads\/2023\/11\/logo.png","width":2136,"height":992,"caption":"Pennautier - Nature et Patrimoine"},"image":{"@id":"https:\/\/patrimoine-de-pennautier.fr\/#\/schema\/logo\/image\/"}}]}},"_links":{"self":[{"href":"https:\/\/patrimoine-de-pennautier.fr\/index.php\/wp-json\/wp\/v2\/pages\/1987","targetHints":{"allow":["GET"]}}],"collection":[{"href":"https:\/\/patrimoine-de-pennautier.fr\/index.php\/wp-json\/wp\/v2\/pages"}],"about":[{"href":"https:\/\/patrimoine-de-pennautier.fr\/index.php\/wp-json\/wp\/v2\/types\/page"}],"author":[{"embeddable":true,"href":"https:\/\/patrimoine-de-pennautier.fr\/index.php\/wp-json\/wp\/v2\/users\/1"}],"replies":[{"embeddable":true,"href":"https:\/\/patrimoine-de-pennautier.fr\/index.php\/wp-json\/wp\/v2\/comments?post=1987"}],"version-history":[{"count":5,"href":"https:\/\/patrimoine-de-pennautier.fr\/index.php\/wp-json\/wp\/v2\/pages\/1987\/revisions"}],"predecessor-version":[{"id":2331,"href":"https:\/\/patrimoine-de-pennautier.fr\/index.php\/wp-json\/wp\/v2\/pages\/1987\/revisions\/2331"}],"wp:attachment":[{"href":"https:\/\/patrimoine-de-pennautier.fr\/index.php\/wp-json\/wp\/v2\/media?parent=1987"}],"curies":[{"name":"wp","href":"https:\/\/api.w.org\/{rel}","templated":true}]}}